
{"id":46526,"date":"2025-03-20T09:40:38","date_gmt":"2025-03-20T09:40:38","guid":{"rendered":"https:\/\/www.aguram.org\/aguram\/?page_id=46526"},"modified":"2025-03-25T08:26:36","modified_gmt":"2025-03-25T08:26:36","slug":"socio-economique","status":"publish","type":"page","link":"https:\/\/www.aguram.org\/aguram\/publications\/socio-economique\/","title":{"rendered":"socio-economique"},"content":{"rendered":"<p><h2 class=\"uk-text-center uk-scrollspy-inview uk-animation-fade\" uk-scrollspy-class=\"\">LA COLLECTION de l&rsquo;observatoire socio-\u00e9conomique<\/h2>\n<\/p>\n<p>L\u2019observation constitue un g\u00e8ne essentiel des agences d\u2019urbanisme. \u00c0 l\u2019AGURAM, cela se manifeste par des productions bien connues, focalis\u00e9es sur des territoires et th\u00e9matiques sp\u00e9cifiques : habitat, \u00e9conomie, logement \u00e9tudiant, ph\u00e9nom\u00e8nes transfrontaliers, immobilier d\u2019entreprise, etc.<\/p>\n<p>La r\u00e9cente publication, par l\u2019Insee, des donn\u00e9es de population communale 2022, est l\u2019occasion d\u2019inaugurer un nouveau format : l\u2019<strong>Observatoire socio-\u00e9conomique en Moselle \u2013 Osmos<\/strong>. <strong>La vocation de cet outil est de rendre compte des dynamiques socio\u00e9conomiques \u00e0 l\u2019\u0153uvre, porteuses d\u2019enjeux pour les collectivit\u00e9s territoriales du d\u00e9partement.<\/strong><\/p>\n<p><!-- {\"name\":\"\",\"type\":\"layout\",\"children\":[{\"name\":\"Ent\\u00eate publications\",\"type\":\"section\",\"props\":{\"width\":\"\",\"padding\":\"none\",\"style\":\"secondary\",\"text_color\":\"light\",\"media\":\"images\\\/home-header.jpg\",\"height_viewport\":true,\"header_overlay\":\"light\",\"image\":\"\",\"media_advanced\":true,\"image_size\":\"cover\",\"media_background\":null,\"media_overlay\":null,\"height\":\"expand\",\"animation\":\"fade\",\"header_transparent\":\"\",\"image_position\":\"\",\"image_fixed\":false,\"class\":\"\",\"overlap\":true,\"vertical_align\":\"\",\"title_position\":\"top-left\",\"title_rotation\":\"left\",\"title_breakpoint\":\"xl\"},\"children\":[{\"name\":\"\",\"type\":\"row\",\"props\":{\"layout\":\"1-1\",\"breakpoint\":\"\",\"fixed_width\":\"large\",\"match\":false,\"margin\":\"remove-vertical\"},\"children\":[{\"name\":\"\",\"type\":\"column\",\"props\":{\"image_position\":\"center-center\",\"widths\":[\"1-1\"]},\"children\":[{\"name\":\"\",\"type\":\"image\",\"props\":{\"margin\":\"default\",\"image\":\"wp-content\\\/uploads\\\/2025\\\/03\\\/bandeau_socioeconomique-01.png\"}}]}]}]},{\"name\":\"Page Publications\",\"type\":\"section\",\"props\":{\"style\":\"default\",\"width\":\"default\",\"vertical_align\":\"middle\",\"title_position\":\"top-left\",\"title_rotation\":\"left\",\"title_breakpoint\":\"xl\",\"image_position\":\"center-center\",\"animation\":\"fade\",\"padding_remove_bottom\":true},\"children\":[{\"name\":\"\",\"type\":\"row\",\"props\":{\"fixed_width\":\"large\",\"breakpoint\":\"m\",\"layout\":\"1-1\",\"margin\":\"\"},\"children\":[{\"name\":\"\",\"type\":\"column\",\"props\":{\"widths\":[\"1-1\"],\"image_position\":\"center-center\"},\"children\":[{\"name\":\"Planification & projets de territoire\",\"type\":\"headline\",\"props\":{\"title_element\":\"h2\",\"content\":\"\n\n<h2 class=\\\"uk-text-center uk-scrollspy-inview uk-animation-fade\\\" uk-scrollspy-class=\\\"\\\">LA COLLECTION de l'observatoire socio-\\u00e9conomique<\\\/h2>\",\"text_align\":\"center\"}},{\"name\":\"\",\"type\":\"divider\",\"props\":{\"divider_element\":\"hr\",\"divider_style\":\"icon\",\"margin\":\"\",\"maxwidth\":\"medium\",\"maxwidth_align\":\"center\"}},{\"name\":\"\",\"type\":\"text\",\"props\":{\"margin\":\"default\",\"column_breakpoint\":\"m\",\"content\":\"\n\n<p>L\\u2019observation constitue un g\\u00e8ne essentiel des agences d\\u2019urbanisme. \\u00c0 l\\u2019AGURAM, cela se manifeste par des productions bien connues, focalis\\u00e9es sur des territoires et th\\u00e9matiques sp\\u00e9cifiques : habitat, \\u00e9conomie, logement \\u00e9tudiant, ph\\u00e9nom\\u00e8nes transfrontaliers, immobilier d\\u2019entreprise, etc.<\\\/p>\\n\n\n<p>La r\\u00e9cente publication, par l\\u2019Insee, des donn\\u00e9es de population communale 2022, est l\\u2019occasion d\\u2019inaugurer un nouveau format : l\\u2019<strong>Observatoire socio-\\u00e9conomique en Moselle \\u2013 Osmos<\\\/strong>. <strong>La vocation de cet outil est de rendre compte des dynamiques socio\\u00e9conomiques \\u00e0 l\\u2019\\u0153uvre, porteuses d\\u2019enjeux pour les collectivit\\u00e9s territoriales du d\\u00e9partement.<\\\/strong><\\\/p>\",\"text_align\":\"center\"}}]}]}]},{\"name\":\"Pages Publications\",\"type\":\"section\",\"props\":{\"style\":\"default\",\"width\":\"expand\",\"vertical_align\":\"middle\",\"title_position\":\"top-left\",\"title_rotation\":\"left\",\"title_breakpoint\":\"xl\",\"image_position\":\"center-center\",\"animation\":\"fade\",\"animation_delay\":true},\"children\":[{\"name\":\"\",\"type\":\"row\",\"props\":{\"fixed_width\":\"large\",\"breakpoint\":\"m\",\"layout\":\"1-1\",\"match\":false,\"width\":\"default\",\"gutter\":\"collapse\",\"margin\":\"remove-vertical\",\"vertical_align\":false},\"children\":[{\"name\":\"\",\"type\":\"column\",\"props\":{\"widths\":[\"1-1\"],\"image_position\":\"center-center\"},\"children\":[{\"name\":\"\",\"type\":\"wordpress_widget\",\"props\":{\"menu_style\":\"nav\",\"widget\":\"widgetkit-43\",\"type\":\"widgetkit\"}}]}]}]}]} --><\/p>\n","protected":false},"excerpt":{"rendered":"<p>LA COLLECTION de l&rsquo;observatoire socio-\u00e9conomique L\u2019observation constitue un g\u00e8ne essentiel des agences d\u2019urbanisme. \u00c0 l\u2019AGURAM, cela se manifeste par des productions bien connues, focalis\u00e9es sur des territoires et th\u00e9matiques sp\u00e9cifiques : habitat, \u00e9conomie, logement \u00e9tudiant, ph\u00e9nom\u00e8nes transfrontaliers, immobilier d\u2019entreprise, etc. La r\u00e9cente publication, par l\u2019Insee, des donn\u00e9es de population communale 2022, est l\u2019occasion d\u2019inaugurer un [&hellip;]<\/p>\n","protected":false},"author":7,"featured_media":0,"parent":835,"menu_order":0,"comment_status":"closed","ping_status":"closed","template":"","meta":{"footnotes":""},"class_list":["post-46526","page","type-page","status-publish","hentry"],"_links":{"self":[{"href":"https:\/\/www.aguram.org\/aguram\/wp-json\/wp\/v2\/pages\/46526","targetHints":{"allow":["GET"]}}],"collection":[{"href":"https:\/\/www.aguram.org\/aguram\/wp-json\/wp\/v2\/pages"}],"about":[{"href":"https:\/\/www.aguram.org\/aguram\/wp-json\/wp\/v2\/types\/page"}],"author":[{"embeddable":true,"href":"https:\/\/www.aguram.org\/aguram\/wp-json\/wp\/v2\/users\/7"}],"replies":[{"embeddable":true,"href":"https:\/\/www.aguram.org\/aguram\/wp-json\/wp\/v2\/comments?post=46526"}],"version-history":[{"count":8,"href":"https:\/\/www.aguram.org\/aguram\/wp-json\/wp\/v2\/pages\/46526\/revisions"}],"predecessor-version":[{"id":46538,"href":"https:\/\/www.aguram.org\/aguram\/wp-json\/wp\/v2\/pages\/46526\/revisions\/46538"}],"up":[{"embeddable":true,"href":"https:\/\/www.aguram.org\/aguram\/wp-json\/wp\/v2\/pages\/835"}],"wp:attachment":[{"href":"https:\/\/www.aguram.org\/aguram\/wp-json\/wp\/v2\/media?parent=46526"}],"curies":[{"name":"wp","href":"https:\/\/api.w.org\/{rel}","templated":true}]}}