
{"id":256,"date":"2017-12-18T08:05:51","date_gmt":"2017-12-18T08:05:51","guid":{"rendered":"https:\/\/www.aguram.org\/?page_id=256"},"modified":"2026-04-13T13:58:41","modified_gmt":"2026-04-13T13:58:41","slug":"agence","status":"publish","type":"page","link":"https:\/\/www.aguram.org\/aguram\/agence\/","title":{"rendered":"L&rsquo;agence"},"content":{"rendered":"<p>Qui sommes-nous ?<\/p>\n<p>L\u2019AGURAM est l\u2019<strong>organisme d\u2019\u00e9tude et d\u2019ing\u00e9nierie sur l\u2019am\u00e9nagement et le d\u00e9veloppement territorial\u00a0<\/strong>qui accompagne les territoires de Moselle depuis plus de 50 ans.<\/p>\n<p>Son statut d\u2019association permet de r\u00e9unir, autour des collectivit\u00e9s membres, l\u2019\u00c9tat et les partenaires publics de du d\u00e9veloppement urbain. Elle leur apporte un appui d&rsquo;ing\u00e9nierie mutualis\u00e9 et \u00e0 plusieurs \u00e9chelles, de l\u2019\u00eelot \u00e0 la commune, des bassins de vie aux syst\u00e8mes m\u00e9tropolitains.<\/p>\n<p>Le pr\u00e9sident de l\u2019agence est<strong>\u00a0<\/strong>Pierre Fachot, maire de Jussy.<\/p>\n<p>Son directeur g\u00e9n\u00e9ral est\u00a0R\u00e9gis Brousse. \u00c0 ses c\u00f4t\u00e9s, Agn\u00e8s Defay occupe le poste de directrice adjointe. Tous deux s\u2019appuient sur les p\u00f4les expertises qui font la force de l\u2019agence depuis sa cr\u00e9ation en 1974.<\/p>\n<p>Les agences d\u2019urbanisme sont des ressources locales agiles, fond\u00e9es sur le partenariat. Elles ont \u00e9t\u00e9 cr\u00e9\u00e9es pour\u00a0<strong>assurer des missions de service public et d\u2019int\u00e9r\u00eat collectif<\/strong>\u00a0qui sont\u00a0<strong>encadr\u00e9es par le Code de l&rsquo;urbanisme<\/strong>\u00a0(<a href=\"https:\/\/www.legifrance.gouv.fr\/codes\/article_lc\/LEGIARTI000043977955\">Art L. 132-6<\/a>).<\/p>\n<p>Depuis leur cr\u00e9ation dans les ann\u00e9es 1970, elles se sont r\u00e9invent\u00e9es pour anticiper les diff\u00e9rentes \u00e9tapes de la d\u00e9centralisation et des politiques d\u2019am\u00e9nagement du territoire et mettre en \u0153uvre les projets territoriaux. Il en existe une cinquantaine sur le territoire fran\u00e7ais.<\/p>\n<p>Plaquette de pr\u00e9sentation<\/p>\n<p>Catalogue d&rsquo;expertises<\/p>\n<p>Documents Cadres<\/p>\n<p>Les <a href=\"https:\/\/www.aguram.org\/wp-content\/uploads\/2025\/12\/AGURAM_instances_octobre-2025.pdf\">membres de l\u2019AGURAM<\/a> participent \u00e0 la <strong>construction collective d\u2019un programme de travail partenarial<\/strong>. C\u2019est une feuille de route au service du bien commun, qui d\u00e9termine l\u2019essentiel des activit\u00e9s de l\u2019agence pour l\u2019ann\u00e9e \u00e0 venir. Les apprentissages qui en ressortent sont mutu-alis\u00e9s, gr\u00e2ce au <strong>partage des m\u00e9thodes, des exp\u00e9riences et de l\u2019innovation<\/strong>.<\/p>\n<p>Ce programme est adopt\u00e9 par nos instances (assembl\u00e9e g\u00e9n\u00e9rale et conseil d\u2019admini-stration) compos\u00e9es d\u2019\u00e9lus et partenaires locaux. Chaque membre s\u2019acquitte d\u2019une cotisation \u00e0 laquelle s\u2019ajoutent des con-ventions financi\u00e8res annuelles ou pluri-annuelles, selon l\u2019int\u00e9r\u00eat qu\u2019il porte au programme de travail. Certaines prestations de service peuvent \u00eatre effectu\u00e9es en dehors du programme partenarial.<\/p>\n<p>\u00a0<\/p>\n<p>Rapport d&rsquo;activit\u00e9 2024 \/ Programme de travail 2025<\/p>\n<p>Instances<\/p>\n<p>Bilan financier<\/p>\n<p>Un outil pour qui ?<\/p>\n<p>Les \u00e9lus, des techniciens et partenaires de la sph\u00e8re publique \u00e0 toutes \u00e9chelles :<\/p>\n<ul>\n<li>rues, \u00eelots, quartiers et communes<\/li>\n<li>intercommunalit\u00e9s<\/li>\n<li>bassins de vie<\/li>\n<li>d\u00e9partement, r\u00e9gion, syst\u00e8mes m\u00e9tropolitains<\/li>\n<li>services de l&rsquo;\u00c9tat<\/li>\n<\/ul>\n<p>Un outil pour quoi ?<\/p>\n<ul>\n<li>participer \u00e0 la d\u00e9finition des politiques d\u2019am\u00e9nagement et \u00e0 l\u2019<strong>\u00e9laboration des documents de planification<\/strong> (PLUi, PDU, PLH, PCAET, SCoT, etc.) ;<\/li>\n<li>proposer des <strong>r\u00e9flexions strat\u00e9giques et op\u00e9rationnelles<\/strong> pour construire les projets de territoire en favorisant l\u2019harmonisation des politiques publiques ;<\/li>\n<li><strong>d\u00e9crypter les ph\u00e9nom\u00e8nes urbains<\/strong>, analyser les dynamiques socio-\u00e9conomiques et spatiales, <strong>d\u00e9velopper l\u2019observation territoriale<\/strong> (en particulier sur l\u2019habitat et le foncier), anticiper les transformations des cadres et modes de vie, <strong>aider <\/strong><strong>\u00e0<\/strong><strong> la mise en <\/strong><strong>\u0153<\/strong><strong>uvre des transitions<\/strong> ;<\/li>\n<li><strong>animer des d\u00e9bats<\/strong>, diffuser l&rsquo;innovation et favoriser les coop\u00e9rations.<\/li>\n<li>proposer une <strong>plateforme de ressources mutualis<\/strong><strong>\u00e9<\/strong><strong>e<\/strong>.<\/li>\n<\/ul>\n<p>Observer<\/p>\n<p>le territoire et ses pratiques<\/p>\n<p>Habitat-d\u00e9mographie et politique de la ville, modes de vie et nouvelles conceptions urbaines, attractivit\u00e9 et commerce, mobilit\u00e9 et d\u00e9placements, foncier et \u00e9volution du milieu agricole, progr\u00e8s du d\u00e9veloppement durable et innovations \u00e9nerg\u00e9tiques, etc. : \u00a0analyser les \u00e9volutions urbaines sous tous leurs aspects pour comprendre les nouveaux modes d\u2019habiter, de travailler, de se d\u00e9placer.<\/p>\n<p>Produire<\/p>\n<p>des expertises multith\u00e9matiques<\/p>\n<p>Participer \u00e0 la d\u00e9finition des politiques d\u2019am\u00e9nagement et \u00e0 l\u2019\u00e9laboration des documents de planification, pr\u00e9parer les projets de territoire en favorisant l\u2019harmonisation des politiques publiques et produire des diagnostics pour identifier les fragilit\u00e9s d\u2019un territoire, mais aussi r\u00e9v\u00e9ler ses potentiels (am\u00e9nagements, \u00e9quipements, implantations, etc.), au plus pr\u00e8s de la r\u00e9alit\u00e9 et des besoins des acteurs socio-\u00e9conomiques.<\/p>\n<p>Partager<\/p>\n<p>les enjeux de l&rsquo;am\u00e9nagement du territoire<\/p>\n<p>Interpeler et \u00e9clairer les \u00e9lus locaux et acteurs socio\u00e9conomiques, partager la connaissance et les projets par l\u2019\u00e9change et la p\u00e9dagogie, favoriser des strat\u00e9gies partenariales et l\u2019\u00e9mergence d\u2019innovations, participer au d\u00e9bat sur la ville, \u00eatre animatrice de la \u00ab fabrique du territoire \u00bb.<\/p>\n<p>UN ANCRAGE TERRITORIAL FORT<\/p>\n<p>\u00a0<\/p>\n<p>Au quotidien, l\u2019agence \u0153uvre au service d\u2019un <strong>territoire de plus d\u20191 million d\u2019habitants articul\u00e9 autour de la Moselle et de ses espaces urbains, p\u00e9riurbains et ruraux<\/strong>. Il couvre notamment la m\u00e9tropole messine, le nord lorrain, la Moselle Est et leurs espaces (trans)frontaliers avec le Luxembourg et avec l\u2019Allemagne.<\/p>\n<p>Nos partenaires constituent une communaut\u00e9 d\u2019observation et d\u2019action \u00e0 g\u00e9om\u00e9trie variable. Ils sont aujourd\u2019hui <strong>plus de 100<\/strong> \u00e0 nous accorder leur confiance et \u00e0 la renouveler dans le temps. Parmi eux l\u2019\u00c9tat, la R\u00e9gion Grand Est, le D\u00e9partement de la Moselle, l\u2019Eurom\u00e9tropole de Metz, le P\u00f4le m\u00e9tropolitain europ\u00e9en du Sillon lorrain, l\u2019Eurodistrict Saarmoselle, 3 Sch\u00e9mas de coh\u00e9rence territorial (SCoT), 3 communaut\u00e9s d\u2019agglom\u00e9ration, 8 communaut\u00e9s de communes, plus de 50 communes, l\u2019ARS, l\u2019Universit\u00e9 de Lorraine, l\u2019EPFGE, VNF, Arelor, etc.<\/p>\n<p>Des expertises<\/p>\n<p>Une \u00e9quipe pluridisciplinaire<\/p>\n<p>L\u2019agence dispose, en effet, d\u2019une <strong>\u00e9quipe pluridisciplinaire<\/strong> d\u2019experts qui privil\u00e9gie des approches multith\u00e9matiques avec une logique prospective\u00a0: urbanistes, architectes, ing\u00e9nieurs, paysagistes, \u00e9co-nomistes, sociologues, \u00e9cologues, g\u00e9o- graphes, infographistes, cartographes, sigistes, data-analysts, etc.<\/p>\n<p>Organigramme<\/p>\n<p>La force d&rsquo;un travail en r\u00e9seau<\/p>\n<p>L\u2019AGURAM est membre d\u2019un <strong>r\u00e9seau d\u2019une cinquantaine d\u2019agences<\/strong> qui partagent leurs expertises et exp\u00e9rimentations : la <strong><a href=\"https:\/\/fnau.org\/fr\/accueil\/\">F\u00e9d\u00e9ration nationale des agences d\u2019urbanisme<\/a><\/strong>.<\/p>\n<p>L\u2019agence conduit des travaux en commun avec les 6 autres agences d\u2019urbanisme du Grand Est au sein du <strong>r\u00e9seau 7Est<\/strong>. En Lorraine, elle s\u2019articule plus particuli\u00e8rement avec l\u2019Agape \u00e0 Longwy et Scalen \u00e0 Nancy. Pour apporter une r\u00e9ponse compl\u00e8te aux besoins d\u2019ing\u00e9nierie publique territoriale, elle peut aussi s\u2019associer avec les services techniques des collectivit\u00e9s, les Conseils en architecture, urbanisme et environnement, les agences techniques d\u00e9partementales (Matec, MMD 54), le Cerema.<\/p>\n<p><!-- {\"name\":\"\",\"type\":\"layout\",\"children\":[{\"name\":\"Qui sommes-nous ?\",\"type\":\"section\",\"props\":{\"style\":\"default\",\"width\":\"default\",\"vertical_align\":\"middle\",\"title_position\":\"top-left\",\"title_rotation\":\"left\",\"title_breakpoint\":\"xl\",\"image_position\":\"center-center\",\"animation\":\"fade\",\"animation_delay\":false,\"image\":\"wp-content\\\/uploads\\\/2019\\\/02\\\/photo_fond_page_agence.jpg\",\"image_size\":\"cover\",\"media_background\":\"rgba(255, 255, 255, 0.69)\",\"media_blend_mode\":\"screen\",\"overlap\":true,\"text_color\":\"\",\"image_effect\":\"fixed\"},\"children\":[{\"name\":\"\",\"type\":\"row\",\"props\":{\"fixed_width\":\"large\",\"breakpoint\":\"m\",\"layout\":\"1-1\"},\"children\":[{\"name\":\"\",\"type\":\"column\",\"props\":{\"widths\":[\"1-1\"],\"image_position\":\"center-center\"},\"children\":[{\"name\":\"Qui sommes-nous ?\",\"type\":\"headline\",\"props\":{\"title_element\":\"h2\",\"content\":\"Qui sommes-nous ?\",\"title_decoration\":\"\",\"text_align\":\"center\"}},{\"name\":\"\",\"type\":\"divider\",\"props\":{\"divider_element\":\"hr\",\"divider_style\":\"icon\",\"maxwidth\":\"medium\",\"maxwidth_align\":\"center\"}}]}]},{\"name\":\"\",\"type\":\"row\",\"props\":{\"fixed_width\":\"large\",\"breakpoint\":\"m\",\"layout\":\"2-3,\"},\"children\":[{\"name\":\"\",\"type\":\"column\",\"props\":{\"widths\":[\"2-3\"],\"image_position\":\"center-center\"},\"children\":[{\"name\":\"\",\"type\":\"text\",\"props\":{\"margin\":\"default\",\"column_breakpoint\":\"m\",\"content\":\"\n\n<p>L\\u2019AGURAM est l\\u2019<strong>organisme d\\u2019\\u00e9tude et d\\u2019ing\\u00e9nierie sur l\\u2019am\\u00e9nagement et le d\\u00e9veloppement territorial\\u00a0<\\\/strong>qui accompagne les territoires de Moselle depuis plus de 50 ans.<\\\/p>\\n\n\n<p>Son statut d\\u2019association permet de r\\u00e9unir, autour des collectivit\\u00e9s membres, l\\u2019\\u00c9tat et les partenaires publics de du d\\u00e9veloppement urbain. Elle leur apporte un appui d'ing\\u00e9nierie mutualis\\u00e9 et \\u00e0 plusieurs \\u00e9chelles, de l\\u2019\\u00eelot \\u00e0 la commune, des bassins de vie aux syst\\u00e8mes m\\u00e9tropolitains.<\\\/p>\\n\n\n<p>Le pr\\u00e9sident de l\\u2019agence est<strong>\\u00a0<\\\/strong>Pierre Fachot, maire de Jussy.<\\\/p>\\n\n\n<p>Son directeur g\\u00e9n\\u00e9ral est\\u00a0R\\u00e9gis Brousse. \\u00c0 ses c\\u00f4t\\u00e9s, Agn\\u00e8s Defay occupe le poste de directrice adjointe. Tous deux s\\u2019appuient sur les p\\u00f4les expertises qui font la force de l\\u2019agence depuis sa cr\\u00e9ation en 1974.<\\\/p>\\n\n\n<p>Les agences d\\u2019urbanisme sont des ressources locales agiles, fond\\u00e9es sur le partenariat. Elles ont \\u00e9t\\u00e9 cr\\u00e9\\u00e9es pour\\u00a0<strong>assurer des missions de service public et d\\u2019int\\u00e9r\\u00eat collectif<\\\/strong>\\u00a0qui sont\\u00a0<strong>encadr\\u00e9es par le Code de l'urbanisme<\\\/strong>\\u00a0(<a href=\\\"https:\\\/\\\/www.legifrance.gouv.fr\\\/codes\\\/article_lc\\\/LEGIARTI000043977955\\\">Art L. 132-6<\\\/a>).<\\\/p>\\n\n\n<p>Depuis leur cr\\u00e9ation dans les ann\\u00e9es 1970, elles se sont r\\u00e9invent\\u00e9es pour anticiper les diff\\u00e9rentes \\u00e9tapes de la d\\u00e9centralisation et des politiques d\\u2019am\\u00e9nagement du territoire et mettre en \\u0153uvre les projets territoriaux. Il en existe une cinquantaine sur le territoire fran\\u00e7ais.<\\\/p>\"}}]},{\"name\":\"\",\"type\":\"column\",\"props\":{\"widths\":[\"\"],\"image_position\":\"center-center\"},\"children\":[{\"name\":\"\",\"type\":\"image\",\"props\":{\"margin\":\"default\",\"image\":\"https:\\\/\\\/www.aguram.org\\\/wp-content\\\/uploads\\\/2024\\\/12\\\/VisuelVideo.png\",\"link\":\"https:\\\/\\\/youtu.be\\\/71TQ71wK2o8\"}},{\"name\":\"Pr\\u00e9sentation de l'agence\",\"type\":\"button\",\"props\":{\"gutter\":\"medium\",\"margin\":\"medium\",\"button_size\":\"large\",\"text_align\":\"center\",\"animation\":\"none\"},\"children\":[{\"name\":\"\",\"type\":\"button_item\",\"props\":{\"button_style\":\"primary\",\"icon_align\":\"left\",\"link\":\"https:\\\/\\\/www.aguram.org\\\/wp-content\\\/uploads\\\/2026\\\/04\\\/Plaquette_AGURAM_2026_4pages.pdf\",\"content\":\"Plaquette de pr\\u00e9sentation\",\"icon\":\"download\",\"link_target\":\"blank\",\"link_title\":\"Plaquette de pr\\u00e9sentation\"}}]},{\"name\":\"Pr\\u00e9sentation de l'agence\",\"type\":\"button\",\"props\":{\"gutter\":\"medium\",\"margin\":\"medium\",\"button_size\":\"large\",\"text_align\":\"center\",\"animation\":\"none\"},\"children\":[{\"name\":\"\",\"type\":\"button_item\",\"props\":{\"button_style\":\"primary\",\"icon_align\":\"left\",\"link\":\"https:\\\/\\\/www.aguram.org\\\/wp-content\\\/uploads\\\/2025\\\/01\\\/AGURAM-catalogue-services-2025.pdf\",\"content\":\"Catalogue d'expertises\",\"icon\":\"download\",\"link_target\":\"blank\",\"link_title\":\"Nos expertises\"}}]}]}]}]},{\"name\":\"Documents Cadres\",\"type\":\"section\",\"props\":{\"style\":\"default\",\"width\":\"large\",\"vertical_align\":\"middle\",\"title_position\":\"top-left\",\"title_rotation\":\"left\",\"title_breakpoint\":\"xl\",\"image_position\":\"center-center\",\"animation\":\"fade\",\"padding_remove_bottom\":true},\"children\":[{\"name\":\"\",\"type\":\"row\",\"props\":{\"fixed_width\":\"large\",\"breakpoint\":\"m\",\"layout\":\"1-1\"},\"children\":[{\"name\":\"\",\"type\":\"column\",\"props\":{\"widths\":[\"1-1\"],\"image_position\":\"center-center\"},\"children\":[{\"name\":\"Documents Cadres\",\"type\":\"headline\",\"props\":{\"title_element\":\"h1\",\"content\":\"Documents Cadres\",\"title_style\":\"h2\",\"text_align\":\"center\",\"title_decoration\":\"\",\"title_color\":\"\"}},{\"name\":\"\",\"type\":\"divider\",\"props\":{\"divider_element\":\"hr\",\"divider_style\":\"icon\",\"maxwidth\":\"medium\",\"maxwidth_align\":\"center\"}},{\"name\":\"\",\"type\":\"text\",\"props\":{\"margin\":\"default\",\"column_breakpoint\":\"m\",\"content\":\"\n\n<p>Les <a href=\\\"https:\\\/\\\/www.aguram.org\\\/wp-content\\\/uploads\\\/2025\\\/12\\\/AGURAM_instances_octobre-2025.pdf\\\">membres de l\\u2019AGURAM<\\\/a> participent \\u00e0 la <strong>construction collective d\\u2019un programme de travail partenarial<\\\/strong>. C\\u2019est une feuille de route au service du bien commun, qui d\\u00e9termine l\\u2019essentiel des activit\\u00e9s de l\\u2019agence pour l\\u2019ann\\u00e9e \\u00e0 venir. Les apprentissages qui en ressortent sont mutu-alis\\u00e9s, gr\\u00e2ce au <strong>partage des m\\u00e9thodes, des exp\\u00e9riences et de l\\u2019innovation<\\\/strong>.<\\\/p>\\n\n\n<p>Ce programme est adopt\\u00e9 par nos instances (assembl\\u00e9e g\\u00e9n\\u00e9rale et conseil d\\u2019admini-stration) compos\\u00e9es d\\u2019\\u00e9lus et partenaires locaux. Chaque membre s\\u2019acquitte d\\u2019une cotisation \\u00e0 laquelle s\\u2019ajoutent des con-ventions financi\\u00e8res annuelles ou pluri-annuelles, selon l\\u2019int\\u00e9r\\u00eat qu\\u2019il porte au programme de travail. Certaines prestations de service peuvent \\u00eatre effectu\\u00e9es en dehors du programme partenarial.<\\\/p>\\n\n\n<p>\\u00a0<\\\/p>\"}}]}]},{\"name\":\"\",\"type\":\"row\",\"props\":{\"fixed_width\":\"large\",\"breakpoint\":\"m\",\"layout\":\"1-1\",\"margin\":\"\"},\"children\":[{\"name\":\"\",\"type\":\"column\",\"props\":{\"widths\":[\"1-1\"],\"image_position\":\"center-center\"},\"children\":[{\"name\":\"Boutons documents cadres\",\"type\":\"button\",\"props\":{\"gutter\":\"small\",\"margin\":\"default\",\"button_size\":\"large\",\"text_align\":\"center\"},\"children\":[{\"name\":\"\",\"type\":\"button_item\",\"props\":{\"button_style\":\"primary\",\"icon_align\":\"left\",\"content\":\"Rapport d'activit\\u00e9 2024 \\\/ Programme de travail 2025\",\"icon\":\"download\",\"link_target\":\"blank\",\"link\":\"https:\\\/\\\/www.aguram.org\\\/wp-content\\\/uploads\\\/2025\\\/07\\\/02_rapport_activite_AGURAM_2024_web.pdf\",\"lightbox_width\":\"790\",\"lightbox_height\":\"1000\",\"link_title\":\"Rapport d'activit\\u00e9\"}},{\"name\":\"\",\"type\":\"button_item\",\"props\":{\"button_style\":\"primary\",\"icon_align\":\"left\",\"content\":\"Instances\",\"icon\":\"download\",\"link_target\":\"blank\",\"link\":\"https:\\\/\\\/www.aguram.org\\\/wp-content\\\/uploads\\\/2025\\\/12\\\/AGURAM_instances_octobre-2025.pdf\",\"lightbox_width\":\"790\",\"lightbox_height\":\"1000\",\"link_title\":\"Instances\"}},{\"name\":\"\",\"type\":\"button_item\",\"props\":{\"button_style\":\"primary\",\"icon_align\":\"left\",\"content\":\"Bilan financier\",\"icon\":\"download\",\"link_target\":\"blank\",\"link\":\"https:\\\/\\\/www.aguram.org\\\/wp-content\\\/uploads\\\/2025\\\/12\\\/BR-2024-BP-2025-AG.pdf\",\"lightbox_width\":\"790\",\"lightbox_height\":\"1000\",\"link_title\":\"Bilan financier\"}}]}]}]}]},{\"name\":\"Missions & Expertise\",\"type\":\"section\",\"props\":{\"style\":\"default\",\"width\":\"default\",\"vertical_align\":\"middle\",\"title_position\":\"top-left\",\"title_rotation\":\"left\",\"title_breakpoint\":\"xl\",\"image_position\":\"center-center\",\"animation\":\"fade\",\"padding_remove_bottom\":false},\"children\":[{\"name\":\"\",\"type\":\"row\",\"props\":{\"fixed_width\":\"large\",\"breakpoint\":\"m\",\"layout\":\",\"},\"children\":[{\"name\":\"\",\"type\":\"column\",\"props\":{\"widths\":[\"\"],\"image_position\":\"center-center\"},\"children\":[{\"name\":\"Un outil pour qui ?\",\"type\":\"headline\",\"props\":{\"title_element\":\"h1\",\"content\":\"Un outil pour qui ?\",\"title_style\":\"h3\",\"text_align\":\"center\",\"title_decoration\":\"line\",\"title_color\":\"primary\"}},{\"name\":\"\",\"type\":\"text\",\"props\":{\"margin\":\"default\",\"column_breakpoint\":\"m\",\"content\":\"\n\n<p>Les \\u00e9lus, des techniciens et partenaires de la sph\\u00e8re publique \\u00e0 toutes \\u00e9chelles :<\\\/p>\\n\n\n<ul>\\n\n\n<li>rues, \\u00eelots, quartiers et communes<\\\/li>\\n\n\n<li>intercommunalit\\u00e9s<\\\/li>\\n\n\n<li>bassins de vie<\\\/li>\\n\n\n<li>d\\u00e9partement, r\\u00e9gion, syst\\u00e8mes m\\u00e9tropolitains<\\\/li>\\n\n\n<li>services de l'\\u00c9tat<\\\/li>\\n<\\\/ul>\",\"dropcap\":false,\"text_align\":\"left\",\"animation\":\"slide-left-medium\"}}]},{\"name\":\"\",\"type\":\"column\",\"props\":{\"widths\":[\"\"],\"image_position\":\"center-center\"},\"children\":[{\"name\":\"Un outil pour quoi ?\",\"type\":\"headline\",\"props\":{\"title_element\":\"h1\",\"content\":\"Un outil pour quoi ?\",\"title_style\":\"h3\",\"text_align\":\"center\",\"title_decoration\":\"line\",\"title_color\":\"primary\"}},{\"name\":\"\",\"type\":\"text\",\"props\":{\"margin\":\"default\",\"column_breakpoint\":\"m\",\"content\":\"\n\n<ul>\\n\n\n<li>participer \\u00e0 la d\\u00e9finition des politiques d\\u2019am\\u00e9nagement et \\u00e0 l\\u2019<strong>\\u00e9laboration des documents de planification<\\\/strong> (PLUi, PDU, PLH, PCAET, SCoT, etc.) ;<\\\/li>\\n\n\n<li>proposer des <strong>r\\u00e9flexions strat\\u00e9giques et op\\u00e9rationnelles<\\\/strong> pour construire les projets de territoire en favorisant l\\u2019harmonisation des politiques publiques ;<\\\/li>\\n\n\n<li><strong>d\\u00e9crypter les ph\\u00e9nom\\u00e8nes urbains<\\\/strong>, analyser les dynamiques socio-\\u00e9conomiques et spatiales, <strong>d\\u00e9velopper l\\u2019observation territoriale<\\\/strong> (en particulier sur l\\u2019habitat et le foncier), anticiper les transformations des cadres et modes de vie, <strong>aider <\\\/strong><strong>\\u00e0<\\\/strong><strong> la mise en <\\\/strong><strong>\\u0153<\\\/strong><strong>uvre des transitions<\\\/strong> ;<\\\/li>\\n\n\n<li><strong>animer des d\\u00e9bats<\\\/strong>, diffuser l'innovation et favoriser les coop\\u00e9rations.<\\\/li>\\n\n\n<li>proposer une <strong>plateforme de ressources mutualis<\\\/strong><strong>\\u00e9<\\\/strong><strong>e<\\\/strong>.<\\\/li>\\n<\\\/ul>\",\"dropcap\":false,\"text_align\":\"left\",\"animation\":\"slide-right-medium\"}}]}]},{\"name\":\"\",\"type\":\"row\",\"props\":{\"fixed_width\":\"large\",\"breakpoint\":\"m\",\"layout\":\",,\"},\"children\":[{\"name\":\"\",\"type\":\"column\",\"props\":{\"widths\":[\"\"],\"image_position\":\"center-center\"},\"children\":[{\"name\":\"Observer\",\"type\":\"headline\",\"props\":{\"title_element\":\"h1\",\"content\":\"Observer\",\"title_style\":\"h3\",\"text_align\":\"center\",\"title_decoration\":\"line\",\"title_color\":\"primary\"}},{\"name\":\"\",\"type\":\"text\",\"props\":{\"margin\":\"default\",\"column_breakpoint\":\"m\",\"content\":\"\n\n<p>le territoire et ses pratiques<\\\/p>\",\"dropcap\":false,\"text_align\":\"center\"}},{\"name\":\"Observer\",\"type\":\"popover\",\"props\":{\"show_title\":false,\"show_meta\":false,\"show_content\":true,\"show_image\":false,\"show_link\":false,\"icon\":\"plus\",\"drop_mode\":\"hover\",\"drop_position\":\"left-center\",\"card_style\":\"default\",\"title_element\":\"h3\",\"meta_style\":\"meta\",\"meta_align\":\"bottom\",\"image_card\":true,\"link_text\":\"Read more\",\"link_style\":\"default\",\"margin\":\"default\",\"background_image\":\"wp-content\\\/uploads\\\/2019\\\/07\\\/icons_loupe-01.png\",\"background_image_width\":\"\",\"background_image_height\":\"\",\"card_size\":\"\",\"content_style\":\"\",\"text_align\":\"center\",\"animation\":\"scale-up\",\"css\":\"\"},\"children\":[{\"name\":\"\",\"type\":\"popover_item\",\"props\":{\"drop_position\":\"\",\"content\":\"\n\n<p>Habitat-d\\u00e9mographie et politique de la ville, modes de vie et nouvelles conceptions urbaines, attractivit\\u00e9 et commerce, mobilit\\u00e9 et d\\u00e9placements, foncier et \\u00e9volution du milieu agricole, progr\\u00e8s du d\\u00e9veloppement durable et innovations \\u00e9nerg\\u00e9tiques, etc. : \\u00a0analyser les \\u00e9volutions urbaines sous tous leurs aspects pour comprendre les nouveaux modes d\\u2019habiter, de travailler, de se d\\u00e9placer.<\\\/p>\",\"title\":\"Observer\",\"position_x\":\"63\",\"position_y\":\"38\"}}]}]},{\"name\":\"\",\"type\":\"column\",\"props\":{\"widths\":[\"\"],\"image_position\":\"center-center\"},\"children\":[{\"name\":\"Produire\",\"type\":\"headline\",\"props\":{\"title_element\":\"h1\",\"content\":\"Produire\",\"title_style\":\"h3\",\"text_align\":\"center\",\"title_decoration\":\"line\",\"title_color\":\"primary\"}},{\"name\":\"\",\"type\":\"text\",\"props\":{\"margin\":\"default\",\"column_breakpoint\":\"m\",\"content\":\"\n\n<p>des expertises multith\\u00e9matiques<\\\/p>\",\"text_align\":\"center\"}},{\"name\":\"Produire\",\"type\":\"popover\",\"props\":{\"show_title\":false,\"show_meta\":false,\"show_content\":true,\"show_image\":false,\"show_link\":false,\"icon\":\"plus\",\"drop_mode\":\"hover\",\"drop_position\":\"left-center\",\"card_style\":\"default\",\"title_element\":\"h3\",\"meta_style\":\"meta\",\"meta_align\":\"bottom\",\"image_card\":true,\"link_text\":\"Read more\",\"link_style\":\"default\",\"margin\":\"default\",\"background_image\":\"wp-content\\\/uploads\\\/2019\\\/07\\\/icons_bloc_note-01.png\",\"background_image_width\":\"\",\"background_image_height\":\"\",\"card_size\":\"\",\"content_style\":\"\",\"text_align\":\"center\",\"animation\":\"scale-up\"},\"children\":[{\"name\":\"\",\"type\":\"popover_item\",\"props\":{\"drop_position\":\"\",\"content\":\"\n\n<p>Participer \\u00e0 la d\\u00e9finition des politiques d\\u2019am\\u00e9nagement et \\u00e0 l\\u2019\\u00e9laboration des documents de planification, pr\\u00e9parer les projets de territoire en favorisant l\\u2019harmonisation des politiques publiques et produire des diagnostics pour identifier les fragilit\\u00e9s d\\u2019un territoire, mais aussi r\\u00e9v\\u00e9ler ses potentiels (am\\u00e9nagements, \\u00e9quipements, implantations, etc.), au plus pr\\u00e8s de la r\\u00e9alit\\u00e9 et des besoins des acteurs socio-\\u00e9conomiques.<\\\/p>\",\"title\":\"Produire\",\"position_x\":\"44\",\"position_y\":\"24\"}}]}]},{\"name\":\"\",\"type\":\"column\",\"props\":{\"widths\":[\"\"],\"image_position\":\"center-center\"},\"children\":[{\"name\":\"Partager\",\"type\":\"headline\",\"props\":{\"title_element\":\"h1\",\"content\":\"Partager\",\"title_style\":\"h3\",\"text_align\":\"center\",\"title_decoration\":\"line\",\"title_color\":\"primary\"}},{\"name\":\"\",\"type\":\"text\",\"props\":{\"margin\":\"default\",\"column_breakpoint\":\"m\",\"content\":\"\n\n<p>les enjeux de l'am\\u00e9nagement du territoire<\\\/p>\",\"text_align\":\"center\"}},{\"name\":\"Partager\",\"type\":\"popover\",\"props\":{\"show_title\":false,\"show_meta\":false,\"show_content\":true,\"show_image\":false,\"show_link\":false,\"icon\":\"plus\",\"drop_mode\":\"hover\",\"drop_position\":\"left-center\",\"card_style\":\"default\",\"title_element\":\"h3\",\"meta_style\":\"meta\",\"meta_align\":\"bottom\",\"image_card\":true,\"link_text\":\"Read more\",\"link_style\":\"default\",\"margin\":\"default\",\"background_image\":\"wp-content\\\/uploads\\\/2019\\\/07\\\/icons_porte_voix-01.png\",\"background_image_width\":\"\",\"background_image_height\":\"\",\"card_size\":\"\",\"content_style\":\"\",\"text_align\":\"center\",\"css\":\"\",\"animation\":\"slide-bottom-medium\"},\"children\":[{\"name\":\"\",\"type\":\"popover_item\",\"props\":{\"drop_position\":\"\",\"content\":\"\n\n<p>Interpeler et \\u00e9clairer les \\u00e9lus locaux et acteurs socio\\u00e9conomiques, partager la connaissance et les projets par l\\u2019\\u00e9change et la p\\u00e9dagogie, favoriser des strat\\u00e9gies partenariales et l\\u2019\\u00e9mergence d\\u2019innovations, participer au d\\u00e9bat sur la ville, \\u00eatre animatrice de la \\u00ab fabrique du territoire \\u00bb.<\\\/p>\",\"title\":\"Faire conna\\u00eetre\",\"position_x\":\"66\",\"position_y\":\"43\"}}]}]}]}]},{\"name\":\"Notre territoire\",\"type\":\"section\",\"props\":{\"style\":\"secondary\",\"width\":\"default\",\"vertical_align\":\"middle\",\"title_position\":\"top-left\",\"title_rotation\":\"left\",\"title_breakpoint\":\"xl\",\"image_position\":\"center-center\",\"animation\":\"fade\",\"height\":\"\",\"image\":\"\"},\"children\":[{\"name\":\"\",\"type\":\"row\",\"props\":{\"fixed_width\":\"large\",\"breakpoint\":\"m\",\"layout\":\"1-1\",\"width\":\"large\"},\"children\":[{\"name\":\"\",\"type\":\"column\",\"props\":{\"widths\":[\"1-1\"],\"image_position\":\"center-center\"},\"children\":[{\"name\":\"Notre territoire\",\"type\":\"headline\",\"props\":{\"title_element\":\"h2\",\"content\":\"\n\n<p>UN ANCRAGE TERRITORIAL FORT<\\\/p>\",\"title_decoration\":\"\",\"text_align\":\"center\"}},{\"name\":\"\",\"type\":\"divider\",\"props\":{\"divider_element\":\"hr\",\"divider_style\":\"icon\",\"maxwidth\":\"medium\",\"maxwidth_align\":\"center\"}},{\"name\":\"\",\"type\":\"image\",\"props\":{\"margin\":\"default\",\"image\":\"https:\\\/\\\/www.aguram.org\\\/wp-content\\\/uploads\\\/2026\\\/04\\\/2025_adherents_aguram-01-scaled.jpg\",\"link\":\"https:\\\/\\\/www.aguram.org\\\/wp-content\\\/uploads\\\/2026\\\/04\\\/2025_adherents_aguram-01-scaled.jpg\",\"maxwidth\":\"\"}},{\"name\":\"\",\"type\":\"text\",\"props\":{\"margin\":\"default\",\"column_breakpoint\":\"m\",\"content\":\"\n\n<p>\\u00a0<\\\/p>\\n\n\n<p>Au quotidien, l\\u2019agence \\u0153uvre au service d\\u2019un <strong>territoire de plus d\\u20191 million d\\u2019habitants articul\\u00e9 autour de la Moselle et de ses espaces urbains, p\\u00e9riurbains et ruraux<\\\/strong>. Il couvre notamment la m\\u00e9tropole messine, le nord lorrain, la Moselle Est et leurs espaces (trans)frontaliers avec le Luxembourg et avec l\\u2019Allemagne.<\\\/p>\\n\n\n<p>Nos partenaires constituent une communaut\\u00e9 d\\u2019observation et d\\u2019action \\u00e0 g\\u00e9om\\u00e9trie variable. Ils sont aujourd\\u2019hui <strong>plus de 100<\\\/strong> \\u00e0 nous accorder leur confiance et \\u00e0 la renouveler dans le temps. Parmi eux l\\u2019\\u00c9tat, la R\\u00e9gion Grand Est, le D\\u00e9partement de la Moselle, l\\u2019Eurom\\u00e9tropole de Metz, le P\\u00f4le m\\u00e9tropolitain europ\\u00e9en du Sillon lorrain, l\\u2019Eurodistrict Saarmoselle, 3 Sch\\u00e9mas de coh\\u00e9rence territorial (SCoT), 3 communaut\\u00e9s d\\u2019agglom\\u00e9ration, 8 communaut\\u00e9s de communes, plus de 50 communes, l\\u2019ARS, l\\u2019Universit\\u00e9 de Lorraine, l\\u2019EPFGE, VNF, Arelor, etc.<\\\/p>\"}}]}]}]},{\"name\":\"Expertise & \\u00e9quipe\",\"type\":\"section\",\"props\":{\"style\":\"default\",\"width\":\"default\",\"vertical_align\":\"middle\",\"title_position\":\"top-left\",\"title_rotation\":\"left\",\"title_breakpoint\":\"xl\",\"image_position\":\"center-center\",\"animation\":\"\"},\"children\":[{\"name\":\"\",\"type\":\"row\",\"props\":{\"fixed_width\":\"large\",\"breakpoint\":\"m\",\"layout\":\"1-1\",\"vertical_align\":false},\"children\":[{\"name\":\"\",\"type\":\"column\",\"props\":{\"widths\":[\"1-1\"],\"image_position\":\"center-center\"},\"children\":[{\"name\":\"Notre expertise\",\"type\":\"headline\",\"props\":{\"title_element\":\"h2\",\"content\":\"Des expertises\",\"title_style\":\"h2\",\"text_align\":\"center\",\"title_decoration\":\"\",\"title_color\":\"\",\"link_target\":true}},{\"name\":\"\",\"type\":\"divider\",\"props\":{\"divider_element\":\"hr\",\"divider_style\":\"icon\",\"maxwidth\":\"medium\",\"maxwidth_align\":\"center\"}},{\"name\":\"Expertise\",\"type\":\"image\",\"props\":{\"margin\":\"default\",\"image\":\"wp-content\\\/uploads\\\/2019\\\/07\\\/expertise_02-3-01.png\",\"text_align\":\"center\",\"margin_remove_bottom\":true,\"animation\":\"scale-up\",\"link\":\"https:\\\/\\\/www.aguram.org\\\/wp-content\\\/uploads\\\/2023\\\/01\\\/AGURAM_Les-expertises-de-votre-agence-durbanisme_2023_web.pdf\",\"link_target\":\"blank\"}},{\"name\":\"Une \\u00e9quipe pluridisciplinaire d\\u2019experts\",\"type\":\"headline\",\"props\":{\"title_element\":\"h1\",\"content\":\"Une \\u00e9quipe pluridisciplinaire\",\"title_style\":\"h2\",\"text_align\":\"center\",\"title_decoration\":\"\",\"title_color\":\"\"}},{\"name\":\"\",\"type\":\"divider\",\"props\":{\"divider_element\":\"hr\",\"divider_style\":\"icon\",\"maxwidth\":\"medium\",\"maxwidth_align\":\"center\"}},{\"name\":\"\",\"type\":\"text\",\"props\":{\"margin\":\"default\",\"column_breakpoint\":\"m\",\"content\":\"\n\n<p>L\\u2019agence dispose, en effet, d\\u2019une <strong>\\u00e9quipe pluridisciplinaire<\\\/strong> d\\u2019experts qui privil\\u00e9gie des approches multith\\u00e9matiques avec une logique prospective\\u00a0: urbanistes, architectes, ing\\u00e9nieurs, paysagistes, \\u00e9co-nomistes, sociologues, \\u00e9cologues, g\\u00e9o- graphes, infographistes, cartographes, sigistes, data-analysts, etc.<\\\/p>\"}},{\"name\":\"Trombinoscope\",\"type\":\"wordpress_widget\",\"props\":{\"menu_style\":\"nav\",\"widget\":\"widgetkit-7\",\"type\":\"widgetkit\",\"visibility\":\"s\",\"style\":\"\",\"text_align\":\"center\",\"title_color\":\"\"}},{\"name\":\"\",\"type\":\"button\",\"props\":{\"gutter\":\"\",\"margin\":\"medium\",\"button_size\":\"large\",\"text_align\":\"center\",\"css\":\".uk-button-large {\\n    margin-button : 10px;\\n    padding: 0 50px;\\n    line-height: 53px;\\n    font-size: 12px;\\n}\",\"fullwidth\":false},\"children\":[{\"name\":\"\",\"type\":\"button_item\",\"props\":{\"button_style\":\"primary\",\"icon_align\":\"left\",\"link\":\"\",\"icon\":\"download\",\"content\":\"Organigramme\",\"link_target\":\"blank\",\"lightbox_width\":\"710\",\"lightbox_height\":\"1000\"}}]}]}]}]},{\"name\":\"R\\u00e9seau\",\"type\":\"section\",\"props\":{\"style\":\"muted\",\"width\":\"default\",\"vertical_align\":\"middle\",\"title_position\":\"top-left\",\"title_rotation\":\"left\",\"title_breakpoint\":\"xl\",\"image_position\":\"center-center\",\"animation\":\"fade\",\"header_transparent\":\"\"},\"children\":[{\"name\":\"\",\"type\":\"row\",\"props\":{\"fixed_width\":\"large\",\"breakpoint\":\"m\",\"layout\":\"1-1\"},\"children\":[{\"name\":\"\",\"type\":\"column\",\"props\":{\"widths\":[\"1-1\"],\"image_position\":\"center-center\"},\"children\":[{\"name\":\"La force d'un travail en r\\u00e9seau\",\"type\":\"headline\",\"props\":{\"title_element\":\"h2\",\"content\":\"La force d'un travail en r\\u00e9seau\",\"title_style\":\"h2\",\"text_align\":\"center\",\"title_decoration\":\"\",\"title_color\":\"\"}},{\"name\":\"\",\"type\":\"divider\",\"props\":{\"divider_element\":\"hr\",\"divider_style\":\"icon\",\"maxwidth\":\"medium\",\"maxwidth_align\":\"center\"}},{\"name\":\"\",\"type\":\"text\",\"props\":{\"margin\":\"default\",\"column_breakpoint\":\"m\",\"content\":\"\n\n<p>L\\u2019AGURAM est membre d\\u2019un <strong>r\\u00e9seau d\\u2019une cinquantaine d\\u2019agences<\\\/strong> qui partagent leurs expertises et exp\\u00e9rimentations : la <strong><a href=\\\"https:\\\/\\\/fnau.org\\\/fr\\\/accueil\\\/\\\">F\\u00e9d\\u00e9ration nationale des agences d\\u2019urbanisme<\\\/a><\\\/strong>.<\\\/p>\\n\n\n<p>L\\u2019agence conduit des travaux en commun avec les 6 autres agences d\\u2019urbanisme du Grand Est au sein du <strong>r\\u00e9seau 7Est<\\\/strong>. En Lorraine, elle s\\u2019articule plus particuli\\u00e8rement avec l\\u2019Agape \\u00e0 Longwy et Scalen \\u00e0 Nancy. Pour apporter une r\\u00e9ponse compl\\u00e8te aux besoins d\\u2019ing\\u00e9nierie publique territoriale, elle peut aussi s\\u2019associer avec les services techniques des collectivit\\u00e9s, les Conseils en architecture, urbanisme et environnement, les agences techniques d\\u00e9partementales (Matec, MMD 54), le Cerema.<\\\/p>\"}}]}]},{\"name\":\"\",\"type\":\"row\",\"props\":{\"fixed_width\":\"large\",\"breakpoint\":\"m\",\"layout\":\"1-1\",\"margin\":\"\",\"vertical_align\":true},\"children\":[{\"name\":\"\",\"type\":\"column\",\"props\":{\"widths\":[\"1-1\"],\"image_position\":\"center-center\"},\"children\":[{\"name\":\"\",\"type\":\"image\",\"props\":{\"margin\":\"default\",\"image\":\"https:\\\/\\\/www.aguram.org\\\/wp-content\\\/uploads\\\/2026\\\/04\\\/Image1.png\",\"text_align\":\"center\",\"image_width\":\"900\",\"animation\":\"scale-up\",\"link\":\"http:\\\/\\\/www.fnau.org\\\/fr\\\/accueil\\\/\",\"link_target\":\"blank\"}}]}]}]},{\"name\":\"NOUS TROUVER\",\"type\":\"section\",\"props\":{\"style\":\"muted\",\"width\":\"\",\"vertical_align\":\"middle\",\"title_position\":\"top-left\",\"title_rotation\":\"left\",\"title_breakpoint\":\"xl\",\"image_position\":\"center-center\",\"height\":\"expand\",\"padding\":\"none\",\"animation\":\"fade\"},\"children\":[{\"name\":\"\",\"type\":\"row\",\"props\":{\"fixed_width\":\"large\",\"breakpoint\":\"m\",\"layout\":\"1-1\"},\"children\":[{\"name\":\"\",\"type\":\"column\",\"props\":{\"widths\":[\"1-1\"],\"image_position\":\"center-center\"},\"children\":[{\"name\":\"MAP AGURAM\",\"type\":\"wordpress_widget\",\"props\":{\"menu_style\":\"nav\",\"widget\":\"widgetkit-6\",\"type\":\"widgetkit\"}}]}]}]}]} --><\/p>\n","protected":false},"excerpt":{"rendered":"<p>Qui sommes-nous ? L\u2019AGURAM est l\u2019organisme d\u2019\u00e9tude et d\u2019ing\u00e9nierie sur l\u2019am\u00e9nagement et le d\u00e9veloppement territorial\u00a0qui accompagne les territoires de Moselle depuis plus de 50 ans. Son statut d\u2019association permet de r\u00e9unir, autour des collectivit\u00e9s membres, l\u2019\u00c9tat et les partenaires publics de du d\u00e9veloppement urbain. Elle leur apporte un appui d&rsquo;ing\u00e9nierie mutualis\u00e9 et \u00e0 plusieurs \u00e9chelles, [&hellip;]<\/p>\n","protected":false},"author":7,"featured_media":0,"parent":0,"menu_order":0,"comment_status":"closed","ping_status":"closed","template":"","meta":{"footnotes":""},"class_list":["post-256","page","type-page","status-publish","hentry"],"_links":{"self":[{"href":"https:\/\/www.aguram.org\/aguram\/wp-json\/wp\/v2\/pages\/256","targetHints":{"allow":["GET"]}}],"collection":[{"href":"https:\/\/www.aguram.org\/aguram\/wp-json\/wp\/v2\/pages"}],"about":[{"href":"https:\/\/www.aguram.org\/aguram\/wp-json\/wp\/v2\/types\/page"}],"author":[{"embeddable":true,"href":"https:\/\/www.aguram.org\/aguram\/wp-json\/wp\/v2\/users\/7"}],"replies":[{"embeddable":true,"href":"https:\/\/www.aguram.org\/aguram\/wp-json\/wp\/v2\/comments?post=256"}],"version-history":[{"count":348,"href":"https:\/\/www.aguram.org\/aguram\/wp-json\/wp\/v2\/pages\/256\/revisions"}],"predecessor-version":[{"id":47993,"href":"https:\/\/www.aguram.org\/aguram\/wp-json\/wp\/v2\/pages\/256\/revisions\/47993"}],"wp:attachment":[{"href":"https:\/\/www.aguram.org\/aguram\/wp-json\/wp\/v2\/media?parent=256"}],"curies":[{"name":"wp","href":"https:\/\/api.w.org\/{rel}","templated":true}]}}